{"id":97,"date":"2021-07-14T17:16:13","date_gmt":"2021-07-14T17:16:13","guid":{"rendered":"https:\/\/bruni.ch\/?page_id=97"},"modified":"2022-02-14T17:19:29","modified_gmt":"2022-02-14T17:19:29","slug":"archiv-facebook-posts","status":"publish","type":"page","link":"https:\/\/bruni.ch\/index.php\/archiv-facebook-posts\/","title":{"rendered":"Archiv Facebook-Posts"},"content":{"rendered":"\n<p class=\"wp-block-paragraph\">Die w\u00f6chentlichen Beitr\u00e4ge auf Facebook sind hier archiviert: spannendes und wissenswertes&#8230;<\/p>\n\n\n\n<div class=\"wp-block-media-text alignwide is-stacked-on-mobile is-vertically-aligned-top\"><figure class=\"wp-block-media-text__media\"><img loading=\"lazy\" decoding=\"async\" width=\"960\" height=\"720\" src=\"https:\/\/bruni.ch\/wordpress\/wp-content\/uploads\/2022\/02\/Grand-Blanc_Tete_de_Bruni.jpg\" alt=\"\" class=\"wp-image-155 size-full\" srcset=\"https:\/\/bruni.ch\/wordpress\/wp-content\/uploads\/2022\/02\/Grand-Blanc_Tete_de_Bruni.jpg 960w, https:\/\/bruni.ch\/wordpress\/wp-content\/uploads\/2022\/02\/Grand-Blanc_Tete_de_Bruni-300x225.jpg 300w, https:\/\/bruni.ch\/wordpress\/wp-content\/uploads\/2022\/02\/Grand-Blanc_Tete_de_Bruni-768x576.jpg 768w\" sizes=\"auto, (max-width: 767px) 89vw, (max-width: 1000px) 54vw, (max-width: 1071px) 543px, 580px\" \/><\/figure><div class=\"wp-block-media-text__content\">\n<p class=\"wp-block-paragraph\">17.9.2021<br><strong>T\u00eate de Bruni<\/strong> und <strong>Grand-Blanc<\/strong><br>So n\u00e4 Seich! Auto voll mit K\u00e4se, und noch in den waadtl\u00e4nder Bergen&#8230; Und wie schraube ich jetzt das Ersatzrad ab? Komme nicht weiter, muss ein Profi her! Das k\u00f6nnte sp\u00e4t werden heute Abend&#8230; Na ja, \u201egsche n\u00fct schlimmers\u201c!<br>Aber gleichwohl: Zwei Juwelen, die ich kurz vorher aus dem Felsenkeller getragen habe: \u201eGrand-Blanc\u201c und ein ultra reifer \u201eT\u00eate de Bruni\u201c. Mmhh fein!!!<\/p>\n<\/div><\/div>\n\n\n\n<div class=\"wp-block-media-text alignwide is-stacked-on-mobile is-vertically-aligned-top\"><figure class=\"wp-block-media-text__media\"><img loading=\"lazy\" decoding=\"async\" width=\"960\" height=\"720\" src=\"https:\/\/bruni.ch\/wordpress\/wp-content\/uploads\/2022\/02\/Brin-damour.jpg\" alt=\"\" class=\"wp-image-153 size-full\" srcset=\"https:\/\/bruni.ch\/wordpress\/wp-content\/uploads\/2022\/02\/Brin-damour.jpg 960w, https:\/\/bruni.ch\/wordpress\/wp-content\/uploads\/2022\/02\/Brin-damour-300x225.jpg 300w, https:\/\/bruni.ch\/wordpress\/wp-content\/uploads\/2022\/02\/Brin-damour-768x576.jpg 768w\" sizes=\"auto, (max-width: 767px) 89vw, (max-width: 1000px) 54vw, (max-width: 1071px) 543px, 580px\" \/><\/figure><div class=\"wp-block-media-text__content\">\n<p class=\"wp-block-paragraph\" id=\"10-09-2021brin-d-amouras-bitzeli-liebe-brin-d-amour-aus-korsika-links-die-ersten-nach-rechts-die-letzten-vor-der-saisonalen-pause-der-normalste-und-kleinste-von-den-vier-produzenten-die-diesen-kase-nur-fur-den-export-herstellen-auf-meiner-reise-durch-korsika-habe-ich-ihn-jedenfalls-nirgends-gesehen-auch-auf-den-markten-nicht-normal-weil-rohmilch-schaf-naturlich-100-aus-korsika-darum-saisonal-und-nie-bockelig-erstaunlicherweise-schmeckt-der-schimmel-nicht-muffig-und-lustigerweise-heisst-schimmel-auf-italienisch-muffa-die-krauter-kommen-aus-den-maquis-buschwaldern-rosmarin-fenchelsamen-wacholder-und-koriandersamen-das-schone-rote-gewachs-auf-dem-vorderen-exemplar-ist-umgewandelte-hefe-muss-man-ja-nicht-essen-wenn-man-nicht-will-starkt-vielleicht-das-immunsystem-erweitert-sicher-das-wissen-in-unserem-korper-update-mit-genuss\">10.09.2021<br><strong>Brin d&#8217;amour<\/strong><br>\u00c4s bitzeli Liebe &#8211; Brin d\u2018amour aus Korsika. Links die ersten nach, rechts die letzten vor der saisonalen Pause. Der normalste und kleinste von den vier Produzenten die diesen K\u00e4se nur f\u00fcr den Export herstellen. Auf meiner Reise durch Korsika habe ich ihn jedenfalls nirgends gesehen, auch auf den M\u00e4rkten nicht. Normal, weil Rohmilch (Schaf nat\u00fcrlich) 100% aus Korsika (darum saisonal) und nie b\u00f6ckelig! Erstaunlicherweise schmeckt der Schimmel nicht muffig und lustigerweise heisst Schimmel auf Italienisch muffa. Die Kr\u00e4uter kommen aus den Maquis Buschw\u00e4ldern. Rosmarin, Fenchelsamen, Wacholder und Koriandersamen. Das sch\u00f6ne rote Gew\u00e4chs auf dem vorderen Exemplar ist umgewandelte Hefe. Muss man ja nicht essen wenn man nicht will. St\u00e4rkt vielleicht das Immunsystem, erweitert sicher das Wissen in unserem K\u00f6rper. Update mit Genuss!<\/p>\n<\/div><\/div>\n\n\n\n<div class=\"wp-block-media-text alignwide is-stacked-on-mobile is-vertically-aligned-top\"><figure class=\"wp-block-media-text__media\"><img loading=\"lazy\" decoding=\"async\" width=\"720\" height=\"960\" src=\"https:\/\/bruni.ch\/wordpress\/wp-content\/uploads\/2022\/02\/Ossau_Iraty.jpg\" alt=\"\" class=\"wp-image-151 size-full\" srcset=\"https:\/\/bruni.ch\/wordpress\/wp-content\/uploads\/2022\/02\/Ossau_Iraty.jpg 720w, https:\/\/bruni.ch\/wordpress\/wp-content\/uploads\/2022\/02\/Ossau_Iraty-225x300.jpg 225w\" sizes=\"auto, (max-width: 720px) 100vw, 720px\" \/><\/figure><div class=\"wp-block-media-text__content\">\n<p class=\"wp-block-paragraph\" id=\"wie-auf-dem-mond-aber-nicht-hinter-dem-mond-denn-nur-mit-milch-der-regionalen-schafrassen-und-vorgeschriebenen-herstellungsverfahren-entsteht-ein-ossau-iraty-auch-ich-versuche-nicht-hinter-dem-mond-zu-sein-was-mir-in-echt-auch-kaum-gelingen-wurde-bin-ja-nicht-musk-oder-bezos-die-versuchen-dorthin-zu-gelangen-sprichwortlich-passiert-mir-das-aber-schon-mal-und-kaufe-nicht-irgendwelchen-ossau-ein-nur-von-kleiner-ferme-de-montagne-naturlich-aus-rohmilch-und-urchiger-reifung-im-naturkeller-wie-das-foto-beweist-und-wieder-einmal-habe-ich-erlebt-dass-ein-kase-unter-seinen-artgenossen-schoner-reift-meine-affinage-erreicht-das-nie-nicht-die-optik-das-kann-ich-auch-bin-ja-vor-dem-mond-aber-geschmacklich-keine-chance-da-braucht-es-das-mikroklima-eines-typischen-kellers-bestuckt-mit-ihresgleichen-perfekter-kase-fur-cholesterinopfer-schwangere-manner-mit-hochschwangeren-bauchen-nicht-veganer-und-massvolle-geniesser\">03.09.2021<br><strong>Ossau-Iraty<\/strong><br>Wie auf dem Mond, aber nicht hinter dem Mond! Denn nur mit Milch der regionalen Schafrassen und vorgeschriebenen Herstellungsverfahren entsteht ein \u201eOssau-Iraty\u201c. Auch ich versuche nicht hinter dem Mond zu sein, was mir in Echt auch kaum gelingen w\u00fcrde (bin ja nicht Musk oder Bezos die versuchen dorthin zu gelangen), sprichw\u00f6rtlich passiert mir das aber schon mal&#8230; und kaufe nicht irgendwelchen Ossau ein! Nur von kleiner \u201eFerme de montagne\u201c, nat\u00fcrlich aus Rohmilch und urchiger Reifung im Naturkeller &#8211; wie das Foto beweist&#8230; Und wieder einmal habe ich erlebt, dass ein K\u00e4se unter seinen Artgenossen sch\u00f6ner reift. Meine Affinage erreicht das nie. Nicht die Optik, das kann ich auch, bin ja vor dem Mond, aber geschmacklich keine Chance. Da braucht es das Mikroklima eines typischen Kellers, best\u00fcckt mit ihresgleichen. Perfekter K\u00e4se f\u00fcr Cholesterinopfer, Schwangere, M\u00e4nner mit hochschwangeren B\u00e4uchen, nicht Veganer und massvolle Geniesser.<\/p>\n<\/div><\/div>\n\n\n\n<div class=\"wp-block-media-text alignwide is-stacked-on-mobile is-vertically-aligned-top\"><figure class=\"wp-block-media-text__media\"><img loading=\"lazy\" decoding=\"async\" width=\"960\" height=\"720\" src=\"https:\/\/bruni.ch\/wordpress\/wp-content\/uploads\/2022\/02\/Raclette.jpg\" alt=\"\" class=\"wp-image-150 size-full\" srcset=\"https:\/\/bruni.ch\/wordpress\/wp-content\/uploads\/2022\/02\/Raclette.jpg 960w, https:\/\/bruni.ch\/wordpress\/wp-content\/uploads\/2022\/02\/Raclette-300x225.jpg 300w, https:\/\/bruni.ch\/wordpress\/wp-content\/uploads\/2022\/02\/Raclette-768x576.jpg 768w\" sizes=\"auto, (max-width: 767px) 89vw, (max-width: 1000px) 54vw, (max-width: 1071px) 543px, 580px\" \/><\/figure><div class=\"wp-block-media-text__content\">\n<p class=\"wp-block-paragraph\">27.8.2021<br><strong>Raclette<\/strong><br>In 30 Jahren ist mir noch nie ein viereckiger Raclette so positiv aufgefallen wie dieses Exemplar. Normalerweise biete ich nur runde aus dem Wallis an. Raclettek\u00e4se = rund = Wallis = auch umgeschmolzen essbar = Rohmilch = ohne Chili und co dass es nach etwas schmeckt. Von der Alp im Sommer oder von der Bergk\u00e4serei im Herbst bis Fr\u00fchling. Wie bin ich jetzt zu diesem Teil gekommen? Mit dem Auto, heute Morgen fr\u00fch! Alles Weitere ist zu kompliziert. Am Markt kann ich ins Detail gehen &#8211; wenn die Zeit reicht&#8230; Auf jeden Fall wird es so k\u00fchl, dass selbst das traditionelle Bundesplatz-Sinphoniekonzert ins Casino verlegt wird. Ideal f\u00fcr ein Raclette!<\/p>\n<\/div><\/div>\n\n\n\n<div class=\"wp-block-media-text alignwide is-stacked-on-mobile is-vertically-aligned-top\"><figure class=\"wp-block-media-text__media\"><img loading=\"lazy\" decoding=\"async\" width=\"960\" height=\"720\" src=\"https:\/\/bruni.ch\/wordpress\/wp-content\/uploads\/2021\/08\/gesalzene-Butter.jpeg\" alt=\"\" class=\"wp-image-143 size-full\" srcset=\"https:\/\/bruni.ch\/wordpress\/wp-content\/uploads\/2021\/08\/gesalzene-Butter.jpeg 960w, https:\/\/bruni.ch\/wordpress\/wp-content\/uploads\/2021\/08\/gesalzene-Butter-300x225.jpeg 300w, https:\/\/bruni.ch\/wordpress\/wp-content\/uploads\/2021\/08\/gesalzene-Butter-768x576.jpeg 768w\" sizes=\"auto, (max-width: 767px) 89vw, (max-width: 1000px) 54vw, (max-width: 1071px) 543px, 580px\" \/><\/figure><div class=\"wp-block-media-text__content\">\n<p class=\"wp-block-paragraph\">20.08.2021<br><strong>Gesalzene Butter<\/strong><br>Auch gesalzene Alpenrahmbutter ist an meinem Stand erh\u00e4ltlich! Seht ihr die sch\u00f6ne Marmorierung? Ist einfach anders, als wenn Salz dar\u00fcber gestreut wird, erz\u00e4hlen mir jedenfalls die Fans&#8230; also ist es f\u00fcr sie so! Sicher ist: wegen dem Salz ist sie l\u00e4nger haltbar, oder besser gesagt, neutraler im Geschmack. Das Pasteurisieren hat den gleichen Effekt. Rohrahmbutter entwickelt in wenigen Tagen einen&nbsp;intensiven Geschmack. Durch Spaltung und Oxidation des Fett\/Wassergemischs (was Butter ist), entstehen (u. a.) freie Fetts\u00e4uren. Tja, und da scheiden sich die Geister ob das goutiert wird&#8230; Rohe Butter ist sowieso sehr selten, weil sie nur einer Minderheit schmeckt. Auf Wunsch kann ich welche organisieren. Auf dem Hof hergestellt und sogar von K\u00fchen mit Horn! Brunifreaktr\u00e4umeridealist&#8230;<\/p>\n<\/div><\/div>\n\n\n\n<div class=\"wp-block-media-text alignwide is-stacked-on-mobile is-vertically-aligned-top\"><figure class=\"wp-block-media-text__media\"><img loading=\"lazy\" decoding=\"async\" width=\"960\" height=\"720\" src=\"https:\/\/bruni.ch\/wordpress\/wp-content\/uploads\/2021\/08\/Hand-gemodelte-Butter.jpeg\" alt=\"\" class=\"wp-image-142 size-full\" srcset=\"https:\/\/bruni.ch\/wordpress\/wp-content\/uploads\/2021\/08\/Hand-gemodelte-Butter.jpeg 960w, https:\/\/bruni.ch\/wordpress\/wp-content\/uploads\/2021\/08\/Hand-gemodelte-Butter-300x225.jpeg 300w, https:\/\/bruni.ch\/wordpress\/wp-content\/uploads\/2021\/08\/Hand-gemodelte-Butter-768x576.jpeg 768w\" sizes=\"auto, (max-width: 767px) 89vw, (max-width: 1000px) 54vw, (max-width: 1071px) 543px, 580px\" \/><\/figure><div class=\"wp-block-media-text__content\">\n<p class=\"wp-block-paragraph\">13.08.2021<br><strong>Butter aus Alpenmilchrahm<\/strong><br>Echt Butterweich! Dank vielen Zusatzstoffen auch direkt aus dem K\u00fchler schtreichf\u00e4hig! Nein &#8211; Norm beiseite! Sch\u00f6nste Butter, von Hand gemodelt, aus 100% Alpenmilchrahm! Am Donnerstag Nachmittag hergestellt &#8211; am Samstag Morgen am Markt erh\u00e4ltlich! Meistens wird Butter aus Milch- UND Sirtenrahm gemacht. Bekannt als K\u00e4sereibutter. Sirte, oder auch Molke genannt, entsteht bei der K\u00e4seherstellung. Mit&nbsp;Zentrifugation wird der Rest an Rahm gewonnen und mit dem \u201ehochwertigeren\u201c Milchrahm vermischt. Darum ist die reine Milchrahm Butter qualitativ die h\u00f6chste, und die, mit viel Hingabe handgemodelte, aus Alpenmilchrahm noch h\u00f6her! Viele weitere Herstellungsverfahren inkl. Zusatzstoffe machen die Butter echt kompliziert. Ank\u00e4 isch \u00e4b\u00e4 nid eifach Ank\u00e4&#8230;<\/p>\n<\/div><\/div>\n\n\n\n<div class=\"wp-block-media-text alignwide is-stacked-on-mobile is-vertically-aligned-top\"><figure class=\"wp-block-media-text__media\"><img loading=\"lazy\" decoding=\"async\" width=\"960\" height=\"720\" src=\"https:\/\/bruni.ch\/wordpress\/wp-content\/uploads\/2021\/08\/Mozzarella-Kugeln-mit-Tomaten.jpeg\" alt=\"\" class=\"wp-image-140 size-full\" srcset=\"https:\/\/bruni.ch\/wordpress\/wp-content\/uploads\/2021\/08\/Mozzarella-Kugeln-mit-Tomaten.jpeg 960w, https:\/\/bruni.ch\/wordpress\/wp-content\/uploads\/2021\/08\/Mozzarella-Kugeln-mit-Tomaten-300x225.jpeg 300w, https:\/\/bruni.ch\/wordpress\/wp-content\/uploads\/2021\/08\/Mozzarella-Kugeln-mit-Tomaten-768x576.jpeg 768w\" sizes=\"auto, (max-width: 767px) 89vw, (max-width: 1000px) 54vw, (max-width: 1071px) 543px, 580px\" \/><\/figure><div class=\"wp-block-media-text__content\">\n<p class=\"wp-block-paragraph\">30.07.2021<br><strong>Mozzarella di Buffala<br><\/strong>\u2026 den Basilikum habe ich als ganze Pflanze auf den Tisch gestellt und dann ging das geschnetzel und gepfl\u00fccke los! Von allen vier Seiten. Fast wie Fondue.<br>Zurzeit habe ich sehr viel Mozzarella die genau richtig f\u00fcr den 1. August (+ ca. 1 Woche) ist. Kommt und befreit mich von diesem sch\u00f6nen weichen Gaumenschmaus. Ich danke es euch von Herzen!<\/p>\n<\/div><\/div>\n\n\n\n<div class=\"wp-block-media-text alignwide is-stacked-on-mobile is-vertically-aligned-top\"><figure class=\"wp-block-media-text__media\"><img loading=\"lazy\" decoding=\"async\" width=\"960\" height=\"720\" src=\"https:\/\/bruni.ch\/wordpress\/wp-content\/uploads\/2021\/08\/Mozzarella-Zopf.jpeg\" alt=\"\" class=\"wp-image-136 size-full\" srcset=\"https:\/\/bruni.ch\/wordpress\/wp-content\/uploads\/2021\/08\/Mozzarella-Zopf.jpeg 960w, https:\/\/bruni.ch\/wordpress\/wp-content\/uploads\/2021\/08\/Mozzarella-Zopf-300x225.jpeg 300w, https:\/\/bruni.ch\/wordpress\/wp-content\/uploads\/2021\/08\/Mozzarella-Zopf-768x576.jpeg 768w\" sizes=\"auto, (max-width: 767px) 89vw, (max-width: 1000px) 54vw, (max-width: 1071px) 543px, 580px\" \/><\/figure><div class=\"wp-block-media-text__content\">\n<p class=\"wp-block-paragraph\">23.07.2021<br><strong>Mozzarella Zopf<\/strong><br>Sieht wundersch\u00f6n aus und schmeckt auch so! Macht euch selber einen Eindruck auf der Homepage casamadeio.it. Wegen einem K\u00e4seanlass habe ich L\u00f6li die Einladung dorthin abgesagt. Werde ich ewig bereuen! Der Transport und die Verpackung ist eindeutig deprimierend, aber ich finde hier leider nichts vergleichbares. Soll ich oder soll ich nicht? Interessant ist die Herstellung! Der K\u00e4seteig muss elastisch sein, so dass man lange Str\u00e4nge ziehen kann. Daraus wird dann der Zopf geflochten. Finde ich beeindruckend.<\/p>\n<\/div><\/div>\n\n\n\n<div class=\"wp-block-media-text alignwide is-stacked-on-mobile is-vertically-aligned-top\"><figure class=\"wp-block-media-text__media\"><img loading=\"lazy\" decoding=\"async\" width=\"960\" height=\"720\" src=\"https:\/\/bruni.ch\/wordpress\/wp-content\/uploads\/2021\/08\/Berg-Mutschli.jpeg\" alt=\"\" class=\"wp-image-138 size-full\" srcset=\"https:\/\/bruni.ch\/wordpress\/wp-content\/uploads\/2021\/08\/Berg-Mutschli.jpeg 960w, https:\/\/bruni.ch\/wordpress\/wp-content\/uploads\/2021\/08\/Berg-Mutschli-300x225.jpeg 300w, https:\/\/bruni.ch\/wordpress\/wp-content\/uploads\/2021\/08\/Berg-Mutschli-768x576.jpeg 768w\" sizes=\"auto, (max-width: 767px) 89vw, (max-width: 1000px) 54vw, (max-width: 1071px) 543px, 580px\" \/><\/figure><div class=\"wp-block-media-text__content\">\n<p class=\"wp-block-paragraph\">16.07.2021<br><strong>Berg-Mutschli<\/strong><br>H\u00f6chstes Niveau! Nur wenige St\u00fcck! Berg-Mutschli f\u00fcr mich hergestellt. Alter Bergk\u00e4se (Einzelst\u00fcck) und die neue Kreation welche aussieht wie ein Stein, aber weich-halbhart und mild-aromatisch ist. Wird nicht in einer Form, sondern im Tuch leicht abgepresst und anschliessend mit Wein gewaschen.Der Bauernhof auf 1000 m \u00fc. M. mit kleiner, einfacher K\u00e4serei befindet sich abgelegen im Entlebuch, am Ende einer Strasse in der N\u00e4he vom Napf. 100% Rohmilch von behornten Simmentaler-K\u00fchen. Kompliment an die herzliche Familie, welche den K\u00e4se jeweils beim Besuch von Verwandten vorbei bringt. Also keine Fahrt nur wegen der K\u00e4se! Und einfach genial sch\u00f6n!<\/p>\n<\/div><\/div>\n\n\n\n<div class=\"wp-block-media-text alignwide is-stacked-on-mobile is-vertically-aligned-top\"><figure class=\"wp-block-media-text__media\"><img loading=\"lazy\" decoding=\"async\" width=\"750\" height=\"562\" src=\"https:\/\/bruni.ch\/wordpress\/wp-content\/uploads\/2021\/07\/Brin-dAmour.jpeg\" alt=\"\" class=\"wp-image-99 size-full\" srcset=\"https:\/\/bruni.ch\/wordpress\/wp-content\/uploads\/2021\/07\/Brin-dAmour.jpeg 750w, https:\/\/bruni.ch\/wordpress\/wp-content\/uploads\/2021\/07\/Brin-dAmour-300x225.jpeg 300w\" sizes=\"auto, (max-width: 706px) 89vw, (max-width: 767px) 82vw, 740px\" \/><\/figure><div class=\"wp-block-media-text__content\">\n<p class=\"wp-block-paragraph\">9.7.2021<br><strong>Brin d\u2019Amour<\/strong><br>Kommen manchmal ganz sch\u00f6n urchig an! Sind aber noch tip top und k\u00f6nnen r\u00fcbis und st\u00fcbis gegessen werden, ohne unangenehmen Schimmelgeschmack und gar nicht so rezent! Sch\u00f6nes Maquis-Kr\u00e4uteraroma! Ein bisschen Liebe, \u201ebrin d\u2019amour\u201c. Schafrohmilch aus Korsika, 100%!<\/p>\n<\/div><\/div>\n\n\n\n<div class=\"wp-block-media-text alignwide is-stacked-on-mobile is-vertically-aligned-top\"><figure class=\"wp-block-media-text__media\"><img loading=\"lazy\" decoding=\"async\" width=\"960\" height=\"720\" src=\"https:\/\/bruni.ch\/wordpress\/wp-content\/uploads\/2021\/07\/Bleu-boneval-sur-Arc-1.jpeg\" alt=\"\" class=\"wp-image-102 size-full\" srcset=\"https:\/\/bruni.ch\/wordpress\/wp-content\/uploads\/2021\/07\/Bleu-boneval-sur-Arc-1.jpeg 960w, https:\/\/bruni.ch\/wordpress\/wp-content\/uploads\/2021\/07\/Bleu-boneval-sur-Arc-1-300x225.jpeg 300w, https:\/\/bruni.ch\/wordpress\/wp-content\/uploads\/2021\/07\/Bleu-boneval-sur-Arc-1-768x576.jpeg 768w\" sizes=\"auto, (max-width: 767px) 89vw, (max-width: 1000px) 54vw, (max-width: 1071px) 543px, 580px\" \/><\/figure><div class=\"wp-block-media-text__content\">\n<p class=\"wp-block-paragraph\">2.7.2021<br><strong>Bleu Bonneval-sur-Arc<\/strong><br>Wow! Noch sch\u00f6ner als bei meiner Besichtigung, oder Kontrolle, von letzter Woche in den Savoien. 100% Berg-Rohmilch von regionaler Kuhrasse, clevere, schonende Einhandarbeit von h\u00fcbscher K\u00e4serin&#8230; Aromatisch-mild-cr\u00e9meux-fantastique!<\/p>\n<\/div><\/div>\n\n\n\n<div class=\"wp-block-media-text alignwide is-stacked-on-mobile is-vertically-aligned-top\"><figure class=\"wp-block-media-text__media\"><img loading=\"lazy\" decoding=\"async\" width=\"720\" height=\"960\" src=\"https:\/\/bruni.ch\/wordpress\/wp-content\/uploads\/2021\/07\/Bleu-de-Terminignon.jpeg\" alt=\"\" class=\"wp-image-107 size-full\" srcset=\"https:\/\/bruni.ch\/wordpress\/wp-content\/uploads\/2021\/07\/Bleu-de-Terminignon.jpeg 720w, https:\/\/bruni.ch\/wordpress\/wp-content\/uploads\/2021\/07\/Bleu-de-Terminignon-225x300.jpeg 225w\" sizes=\"auto, (max-width: 720px) 100vw, 720px\" \/><\/figure><div class=\"wp-block-media-text__content\">\n<p class=\"wp-block-paragraph\">25.06.2021<br><strong>Bleu de Termignon<\/strong><br>Im Parc national de la Vanoise, teilweise noch mit Schnee, konnte ich einen Laib Bleu de Termignon ergattern! Vom vielleicht letzten authentischen Produzenten. Die Herstellung ist total speziell und sehr aufw\u00e4ndig. Zu komplex um hier zu beschreiben. Eine so traditionelle Alpk\u00e4serei f\u00fcr diesen K\u00e4se gibt es wahrscheinlich nicht mehr lange. Leider.<\/p>\n<\/div><\/div>\n\n\n\n<div class=\"wp-block-media-text alignwide is-stacked-on-mobile is-vertically-aligned-top\"><figure class=\"wp-block-media-text__media\"><img loading=\"lazy\" decoding=\"async\" width=\"960\" height=\"720\" src=\"https:\/\/bruni.ch\/wordpress\/wp-content\/uploads\/2021\/07\/Alpiglen-Bo\u0308nigen-Ziege.jpeg\" alt=\"\" class=\"wp-image-109 size-full\" srcset=\"https:\/\/bruni.ch\/wordpress\/wp-content\/uploads\/2021\/07\/Alpiglen-Bo\u0308nigen-Ziege.jpeg 960w, https:\/\/bruni.ch\/wordpress\/wp-content\/uploads\/2021\/07\/Alpiglen-Bo\u0308nigen-Ziege-300x225.jpeg 300w, https:\/\/bruni.ch\/wordpress\/wp-content\/uploads\/2021\/07\/Alpiglen-Bo\u0308nigen-Ziege-768x576.jpeg 768w\" sizes=\"auto, (max-width: 767px) 89vw, (max-width: 1000px) 54vw, (max-width: 1071px) 543px, 580px\" \/><\/figure><div class=\"wp-block-media-text__content\">\n<p class=\"wp-block-paragraph\">18.06.2021<br><strong>Alpiglen B\u00f6nigen Ziege<br><\/strong>Auch hier d\u00fcrfen die Ziegenkinder beim Mami aufwachsen und ihre imposanten H\u00f6rner behalten. Der grosse K\u00e4se ist der letzte vom Sommer 2020 von der Alpiglen oberhalb B\u00f6nigen und Iseltwald. Da die Ziegen bereits am Vortag ins Tal wanderten und die \u00c4lpler nicht schon in aller herrgotts Fr\u00fch zum Melken aufstehen mussten, entstand dieses Exemplar in einer einmaligen Atmosph\u00e4re. Die kleinen runden und rechteckigen sind f\u00fcr die Hardcores&#8230;<\/p>\n<\/div><\/div>\n\n\n\n<div class=\"wp-block-media-text alignwide is-stacked-on-mobile is-vertically-aligned-top\"><figure class=\"wp-block-media-text__media\"><img loading=\"lazy\" decoding=\"async\" width=\"960\" height=\"720\" src=\"https:\/\/bruni.ch\/wordpress\/wp-content\/uploads\/2021\/07\/Lamm-muttergebunden.jpeg\" alt=\"\" class=\"wp-image-111 size-full\" srcset=\"https:\/\/bruni.ch\/wordpress\/wp-content\/uploads\/2021\/07\/Lamm-muttergebunden.jpeg 960w, https:\/\/bruni.ch\/wordpress\/wp-content\/uploads\/2021\/07\/Lamm-muttergebunden-300x225.jpeg 300w, https:\/\/bruni.ch\/wordpress\/wp-content\/uploads\/2021\/07\/Lamm-muttergebunden-768x576.jpeg 768w\" sizes=\"auto, (max-width: 767px) 89vw, (max-width: 1000px) 54vw, (max-width: 1071px) 543px, 580px\" \/><\/figure><div class=\"wp-block-media-text__content\">\n<p class=\"wp-block-paragraph\">11.06.2021<br><strong>Lamm<\/strong><br>Neue Kreation aus muttergebundener L\u00e4mmeraufzucht! Ein trockener Ausdruck f\u00fcr ein liebevolles Zusammenleben von Mensch und Tier. Nicht einfach nur Nutztier. Nur bei mir erh\u00e4ltlich und von mir affiniert. In drei Reifestadien: vom 6.6., 29.5. und 23.5. Ein Bijou!<\/p>\n<\/div><\/div>\n\n\n\n<div class=\"wp-block-media-text alignwide is-stacked-on-mobile is-vertically-aligned-top\"><figure class=\"wp-block-media-text__media\"><img loading=\"lazy\" decoding=\"async\" width=\"960\" height=\"720\" src=\"https:\/\/bruni.ch\/wordpress\/wp-content\/uploads\/2021\/07\/Cantal.jpeg\" alt=\"\" class=\"wp-image-113 size-full\" srcset=\"https:\/\/bruni.ch\/wordpress\/wp-content\/uploads\/2021\/07\/Cantal.jpeg 960w, https:\/\/bruni.ch\/wordpress\/wp-content\/uploads\/2021\/07\/Cantal-300x225.jpeg 300w, https:\/\/bruni.ch\/wordpress\/wp-content\/uploads\/2021\/07\/Cantal-768x576.jpeg 768w\" sizes=\"auto, (max-width: 767px) 89vw, (max-width: 1000px) 54vw, (max-width: 1071px) 543px, 580px\" \/><\/figure><div class=\"wp-block-media-text__content\">\n<p class=\"wp-block-paragraph\">04.06.2021<br><strong>Cantal Fermier au lait Salers<\/strong><br>Seit \u00fcber 2000 Jahren dokumentiert und auch so lange mit der Muttergebunden K\u00e4lberaufzucht (Kalb darf s\u00e4ugen und Mensch muss melken) hergestellt. Wird im Holzfass, noch melkwarm, eingedickt. Die Masse wird mehrmals in immer gr\u00f6sser geschnittenen St\u00fccken gepresst, anschliessend einen Tag liegen gelassen. Dann im Kleine St\u00fccke geschreddert und mit Salz vermischt und wieder einen Tag liegen gelassen. Erst jetzt wird die Masse in eine Form gepresst. Beim Lagern wird der K\u00e4se mit einem Tuch abgerieben. Ab ca. 4 Monaten genussreif, besser 6 bis 8 und f\u00fcr die Hardcores noch \u00e4lter. \u201eCantal Fermier au lait Salers\u201c, im Holzfass gek\u00e4st, gibts wohl nur bei mir. Einzigartiger Genuss, Urk\u00e4se auf h\u00f6chstem Niveau und fair dem Kalb\/Mutter gegen\u00fcber!<\/p>\n<\/div><\/div>\n\n\n\n<div class=\"wp-block-media-text alignwide is-stacked-on-mobile is-vertically-aligned-top\"><figure class=\"wp-block-media-text__media\"><img loading=\"lazy\" decoding=\"async\" width=\"720\" height=\"960\" src=\"https:\/\/bruni.ch\/wordpress\/wp-content\/uploads\/2021\/07\/LAcajou.jpeg\" alt=\"\" class=\"wp-image-115 size-full\" srcset=\"https:\/\/bruni.ch\/wordpress\/wp-content\/uploads\/2021\/07\/LAcajou.jpeg 720w, https:\/\/bruni.ch\/wordpress\/wp-content\/uploads\/2021\/07\/LAcajou-225x300.jpeg 225w\" sizes=\"auto, (max-width: 720px) 100vw, 720px\" \/><\/figure><div class=\"wp-block-media-text__content\">\n<p class=\"wp-block-paragraph\">28.05.2021<br><strong>L\u2019Acajou<\/strong><br>Sieht soo sch\u00f6n aus! Noch sch\u00f6ner ist, was wir nicht sehen: die K\u00e4lber k\u00f6nnen bei ihrer Mutter aufwachsen. Zuerst s\u00e4ugen sie, dann wird gemolken und anschliessend trinken die Jungen den Rest. So sollte es sein! \u201eL\u2018Acajou\u201c von den sch\u00f6nen Salers-K\u00fchen mit ihren imposanten H\u00f6rnern. Einzig der Transport aus der Auvergne nervt&#8230;<\/p>\n<\/div><\/div>\n\n\n\n<div class=\"wp-block-media-text alignwide is-stacked-on-mobile is-vertically-aligned-top\"><figure class=\"wp-block-media-text__media\"><img loading=\"lazy\" decoding=\"async\" width=\"960\" height=\"720\" src=\"https:\/\/bruni.ch\/wordpress\/wp-content\/uploads\/2021\/07\/Bruni-Lamm.jpeg\" alt=\"\" class=\"wp-image-116 size-full\" srcset=\"https:\/\/bruni.ch\/wordpress\/wp-content\/uploads\/2021\/07\/Bruni-Lamm.jpeg 960w, https:\/\/bruni.ch\/wordpress\/wp-content\/uploads\/2021\/07\/Bruni-Lamm-300x225.jpeg 300w, https:\/\/bruni.ch\/wordpress\/wp-content\/uploads\/2021\/07\/Bruni-Lamm-768x576.jpeg 768w\" sizes=\"auto, (max-width: 767px) 89vw, (max-width: 1000px) 54vw, (max-width: 1071px) 543px, 580px\" \/><\/figure><div class=\"wp-block-media-text__content\">\n<p class=\"wp-block-paragraph\">21.05.2021<br><strong>Bruni Lamm<\/strong><br>Wird f\u00fcr mich aus Schafrohmilch in Grindelwald hergestellt: das \u201eBruni-Lamm\u201c. Bei der Aufzucht d\u00fcrfen die L\u00e4mmer 2 Monate, bei Bedarf noch l\u00e4nger, bei der Mutter trinken, kuscheln, spielen&#8230; Top gesunde Tiere, daf\u00fcr weniger Milch zum K\u00e4sen und gleichwohl Arbeit! Respekt! Zudem d\u00fcrfen sie im Sommer auf die Alp, was hier in der Schweiz bei Milchschafen eher selten ist. Und schmeckt nat\u00fcrlich himmlisch&#8230;<\/p>\n<\/div><\/div>\n\n\n\n<div class=\"wp-block-media-text alignwide is-stacked-on-mobile is-vertically-aligned-top\"><figure class=\"wp-block-media-text__media\"><img loading=\"lazy\" decoding=\"async\" width=\"720\" height=\"960\" src=\"https:\/\/bruni.ch\/wordpress\/wp-content\/uploads\/2021\/07\/Berger-dou-Rey.jpeg\" alt=\"\" class=\"wp-image-117 size-full\" srcset=\"https:\/\/bruni.ch\/wordpress\/wp-content\/uploads\/2021\/07\/Berger-dou-Rey.jpeg 720w, https:\/\/bruni.ch\/wordpress\/wp-content\/uploads\/2021\/07\/Berger-dou-Rey-225x300.jpeg 225w\" sizes=\"auto, (max-width: 720px) 100vw, 720px\" \/><\/figure><div class=\"wp-block-media-text__content\">\n<p class=\"wp-block-paragraph\">14.05.2021<br><strong>Berger dou Rey<\/strong><br>Musst dich mal an die Rinde zoomen! Sieht mega aus! Schmeckt einfach wunderbar! Von den sch\u00f6nen Pyren\u00e4en-Schafen. Traditionelle Handarbeit. Schafmilch hat doppelt so viel Kalzium wie Kuhmilch, Fette sind viiiiel besser vertr\u00e4glich, mehr Vitamine und Spurenelemente! Beste Milch f\u00fcr Schwangere, \u00dcbergewichtige und auch sonst alle Geniesser!<\/p>\n<\/div><\/div>\n\n\n\n<div class=\"wp-block-media-text alignwide is-stacked-on-mobile is-vertically-aligned-top\"><figure class=\"wp-block-media-text__media\"><img loading=\"lazy\" decoding=\"async\" width=\"720\" height=\"960\" src=\"https:\/\/bruni.ch\/wordpress\/wp-content\/uploads\/2021\/07\/Gran-Blanc-1.jpeg\" alt=\"\" class=\"wp-image-124 size-full\" srcset=\"https:\/\/bruni.ch\/wordpress\/wp-content\/uploads\/2021\/07\/Gran-Blanc-1.jpeg 720w, https:\/\/bruni.ch\/wordpress\/wp-content\/uploads\/2021\/07\/Gran-Blanc-1-225x300.jpeg 225w\" sizes=\"auto, (max-width: 720px) 100vw, 720px\" \/><\/figure><div class=\"wp-block-media-text__content\">\n<p class=\"wp-block-paragraph\">07.05.2021<br><strong>Gran Blanc<\/strong><br>In diesem Felsenkeller versteckt sich der Grand Blanc. So gut, dass tats\u00e4chlich noch 2 St\u00fcck zum Vorschein kamen&#8230; Also letzte Gelegenheit von diesem grand cru zu profitieren! Und mich davon zu erl\u00f6sen&#8230;<\/p>\n<\/div><\/div>\n\n\n\n<div class=\"wp-block-media-text alignwide is-stacked-on-mobile is-vertically-aligned-top\"><figure class=\"wp-block-media-text__media\"><img loading=\"lazy\" decoding=\"async\" width=\"960\" height=\"720\" src=\"https:\/\/bruni.ch\/wordpress\/wp-content\/uploads\/2021\/07\/Gran-Blanc_1-1.jpeg\" alt=\"\" class=\"wp-image-125 size-full\" srcset=\"https:\/\/bruni.ch\/wordpress\/wp-content\/uploads\/2021\/07\/Gran-Blanc_1-1.jpeg 960w, https:\/\/bruni.ch\/wordpress\/wp-content\/uploads\/2021\/07\/Gran-Blanc_1-1-300x225.jpeg 300w, https:\/\/bruni.ch\/wordpress\/wp-content\/uploads\/2021\/07\/Gran-Blanc_1-1-768x576.jpeg 768w\" sizes=\"auto, (max-width: 767px) 89vw, (max-width: 1000px) 54vw, (max-width: 1071px) 543px, 580px\" \/><\/figure><div class=\"wp-block-media-text__content\">\n<p class=\"wp-block-paragraph\">Der letzte (St\u00fcck oben verkauft) aussergew\u00f6hnliche Grand Blanc! 6.346 kg, 51 cm Durchmesser, unendlich fein! Kuhmilch von 5 H\u00f6fen am Mont Crosin, Mikroproduktion in St. Imier, gereift im Fort A1652 &#8211; Fr\u00eame in La Tine, verkauft bei Bruni &#8211; v\u00e9ritable Art du fromage!<\/p>\n<\/div><\/div>\n\n\n\n<div class=\"wp-block-media-text alignwide is-stacked-on-mobile is-vertically-aligned-top\"><figure class=\"wp-block-media-text__media\"><img loading=\"lazy\" decoding=\"async\" width=\"960\" height=\"720\" src=\"https:\/\/bruni.ch\/wordpress\/wp-content\/uploads\/2021\/07\/Retorta.jpeg\" alt=\"\" class=\"wp-image-126 size-full\" srcset=\"https:\/\/bruni.ch\/wordpress\/wp-content\/uploads\/2021\/07\/Retorta.jpeg 960w, https:\/\/bruni.ch\/wordpress\/wp-content\/uploads\/2021\/07\/Retorta-300x225.jpeg 300w, https:\/\/bruni.ch\/wordpress\/wp-content\/uploads\/2021\/07\/Retorta-768x576.jpeg 768w\" sizes=\"auto, (max-width: 767px) 89vw, (max-width: 1000px) 54vw, (max-width: 1071px) 543px, 580px\" \/><\/figure><div class=\"wp-block-media-text__content\">\n<p class=\"wp-block-paragraph\">16.04.2021<br><strong>Retorta<\/strong><br>Fliesst wunderbar, trotz 6 Grad! Mit Distel-Tee, ganz langsam, daf\u00fcr sehr lange eingedickte Schafsrohmilch &#8211; null b\u00f6ckelig, samtig zart! 1 Hektar Land pro Schaf! Unabh\u00e4ngiger \u201eTorta de Barros\u201c = \u201eRetorta\u201c! Aus der Extremadura, Trujillo &#8211; ol\u00e9!<\/p>\n<\/div><\/div>\n\n\n\n<div class=\"wp-block-media-text alignwide is-stacked-on-mobile is-vertically-aligned-top\"><figure class=\"wp-block-media-text__media\"><img loading=\"lazy\" decoding=\"async\" width=\"960\" height=\"720\" src=\"https:\/\/bruni.ch\/wordpress\/wp-content\/uploads\/2021\/07\/Gruye\u0300re.jpeg\" alt=\"\" class=\"wp-image-127 size-full\" srcset=\"https:\/\/bruni.ch\/wordpress\/wp-content\/uploads\/2021\/07\/Gruye\u0300re.jpeg 960w, https:\/\/bruni.ch\/wordpress\/wp-content\/uploads\/2021\/07\/Gruye\u0300re-300x225.jpeg 300w, https:\/\/bruni.ch\/wordpress\/wp-content\/uploads\/2021\/07\/Gruye\u0300re-768x576.jpeg 768w\" sizes=\"auto, (max-width: 767px) 89vw, (max-width: 1000px) 54vw, (max-width: 1071px) 543px, 580px\" \/><\/figure><div class=\"wp-block-media-text__content\">\n<p class=\"wp-block-paragraph\">02.04.2021<br><strong>Gruy\u00e8re<\/strong><br>Sehr alter, sehr sehr feiner Gruy\u00e8re, aus sehr sehr sehr spezieller Affinage! \u00c4s het so lang wis het!<\/p>\n<\/div><\/div>\n\n\n\n<div class=\"wp-block-media-text alignwide is-stacked-on-mobile is-vertically-aligned-top\"><figure class=\"wp-block-media-text__media\"><img loading=\"lazy\" decoding=\"async\" width=\"720\" height=\"960\" src=\"https:\/\/bruni.ch\/wordpress\/wp-content\/uploads\/2021\/07\/Stichelton.jpeg\" alt=\"\" class=\"wp-image-129 size-full\" srcset=\"https:\/\/bruni.ch\/wordpress\/wp-content\/uploads\/2021\/07\/Stichelton.jpeg 720w, https:\/\/bruni.ch\/wordpress\/wp-content\/uploads\/2021\/07\/Stichelton-225x300.jpeg 225w\" sizes=\"auto, (max-width: 720px) 100vw, 720px\" \/><\/figure><div class=\"wp-block-media-text__content\">\n<p class=\"wp-block-paragraph\">26.03.2021<br><strong>Stichelton<\/strong><br>der einzige original Stilton aus Rohmilch. Viel aufw\u00e4ndige Handarbeit aus selektionierter Milch. Die kleine, \u00e4usserst sympathische Manufaktur, nennt ihn liebevoll \u201eStitch\u201c.<\/p>\n<\/div><\/div>\n\n\n\n<div class=\"wp-block-media-text alignwide is-stacked-on-mobile is-vertically-aligned-top\"><figure class=\"wp-block-media-text__media\"><img loading=\"lazy\" decoding=\"async\" width=\"960\" height=\"720\" src=\"https:\/\/bruni.ch\/wordpress\/wp-content\/uploads\/2021\/07\/Oliveno\u0308l.jpeg\" alt=\"\" class=\"wp-image-130 size-full\" srcset=\"https:\/\/bruni.ch\/wordpress\/wp-content\/uploads\/2021\/07\/Oliveno\u0308l.jpeg 960w, https:\/\/bruni.ch\/wordpress\/wp-content\/uploads\/2021\/07\/Oliveno\u0308l-300x225.jpeg 300w, https:\/\/bruni.ch\/wordpress\/wp-content\/uploads\/2021\/07\/Oliveno\u0308l-768x576.jpeg 768w\" sizes=\"auto, (max-width: 767px) 89vw, (max-width: 1000px) 54vw, (max-width: 1071px) 543px, 580px\" \/><\/figure><div class=\"wp-block-media-text__content\">\n<p class=\"wp-block-paragraph\">19.03.2021<br><strong>Oliven\u00f6l<\/strong><br>Alle sagen, ihres sei das Beste&#8230; \u201emeines\u201c ist ur-ehrlich aus Permakultur in Trequanda, Siena<\/p>\n<\/div><\/div>\n\n\n\n<div class=\"wp-block-media-text alignwide is-stacked-on-mobile is-vertically-aligned-top\"><figure class=\"wp-block-media-text__media\"><img loading=\"lazy\" decoding=\"async\" width=\"1024\" height=\"768\" src=\"https:\/\/bruni.ch\/wordpress\/wp-content\/uploads\/2021\/07\/Bruni-Lamm-Spezial-1024x768.jpeg\" alt=\"\" class=\"wp-image-131 size-full\" srcset=\"https:\/\/bruni.ch\/wordpress\/wp-content\/uploads\/2021\/07\/Bruni-Lamm-Spezial-1024x768.jpeg 1024w, https:\/\/bruni.ch\/wordpress\/wp-content\/uploads\/2021\/07\/Bruni-Lamm-Spezial-300x225.jpeg 300w, https:\/\/bruni.ch\/wordpress\/wp-content\/uploads\/2021\/07\/Bruni-Lamm-Spezial-768x576.jpeg 768w, https:\/\/bruni.ch\/wordpress\/wp-content\/uploads\/2021\/07\/Bruni-Lamm-Spezial.jpeg 1280w\" sizes=\"auto, (max-width: 767px) 89vw, (max-width: 1000px) 54vw, (max-width: 1071px) 543px, 580px\" \/><\/figure><div class=\"wp-block-media-text__content\">\n<p class=\"wp-block-paragraph\">05.02.2021<br><strong>Bruni Lamm Spezial<br><\/strong>Zum ersten Mal und nur 5 St\u00fcck: Bruni-Lamm Spezial. Aus Grindelwald von der aufopfernd tierliebenden Lacaune-Schaf-Haltung der Hofk\u00e4serei am Eiger.<\/p>\n<\/div><\/div>\n\n\n\n<div class=\"wp-block-media-text alignwide is-stacked-on-mobile is-vertically-aligned-top\"><figure class=\"wp-block-media-text__media\"><img loading=\"lazy\" decoding=\"async\" width=\"1024\" height=\"768\" src=\"https:\/\/bruni.ch\/wordpress\/wp-content\/uploads\/2021\/07\/Persille\u0301-de-Tignes-1024x768.jpeg\" alt=\"\" class=\"wp-image-132 size-full\" srcset=\"https:\/\/bruni.ch\/wordpress\/wp-content\/uploads\/2021\/07\/Persille\u0301-de-Tignes-1024x768.jpeg 1024w, https:\/\/bruni.ch\/wordpress\/wp-content\/uploads\/2021\/07\/Persille\u0301-de-Tignes-300x225.jpeg 300w, https:\/\/bruni.ch\/wordpress\/wp-content\/uploads\/2021\/07\/Persille\u0301-de-Tignes-768x576.jpeg 768w, https:\/\/bruni.ch\/wordpress\/wp-content\/uploads\/2021\/07\/Persille\u0301-de-Tignes.jpeg 1280w\" sizes=\"auto, (max-width: 767px) 89vw, (max-width: 1000px) 54vw, (max-width: 1071px) 543px, 580px\" \/><\/figure><div class=\"wp-block-media-text__content\">\n<p class=\"wp-block-paragraph\">29.01.2021<br><strong>Persill\u00e9 de Tignes<\/strong><br>In der Holzkiste eingetroffen: Persill\u00e9 de Tignes A.O.P. K\u00e4sekult aus den Savoien. Muss man kennen! Diesmal super cremig und g\u00f6ttlich im Aroma!<\/p>\n<\/div><\/div>\n","protected":false},"excerpt":{"rendered":"<p>Die w\u00f6chentlichen Beitr\u00e4ge auf Facebook sind hier archiviert: spannendes und wissenswertes&#8230; 17.9.2021T\u00eate de Bruni und Grand-BlancSo n\u00e4 Seich! Auto voll mit K\u00e4se, und noch in den waadtl\u00e4nder Bergen&#8230; Und wie schraube ich jetzt das Ersatzrad ab? Komme nicht weiter, muss ein Profi her! Das k\u00f6nnte sp\u00e4t werden heute Abend&#8230; Na ja, \u201egsche n\u00fct schlimmers\u201c!Aber gleichwohl: &hellip; <\/p>\n<p class=\"link-more\"><a href=\"https:\/\/bruni.ch\/index.php\/archiv-facebook-posts\/\" class=\"more-link\"><span class=\"screen-reader-text\">\u201eArchiv Facebook-Posts\u201c <\/span>weiterlesen<\/a><\/p>\n","protected":false},"author":1,"featured_media":0,"parent":0,"menu_order":0,"comment_status":"closed","ping_status":"closed","template":"","meta":{"footnotes":""},"class_list":["post-97","page","type-page","status-publish","hentry"],"_links":{"self":[{"href":"https:\/\/bruni.ch\/index.php\/wp-json\/wp\/v2\/pages\/97","targetHints":{"allow":["GET"]}}],"collection":[{"href":"https:\/\/bruni.ch\/index.php\/wp-json\/wp\/v2\/pages"}],"about":[{"href":"https:\/\/bruni.ch\/index.php\/wp-json\/wp\/v2\/types\/page"}],"author":[{"embeddable":true,"href":"https:\/\/bruni.ch\/index.php\/wp-json\/wp\/v2\/users\/1"}],"replies":[{"embeddable":true,"href":"https:\/\/bruni.ch\/index.php\/wp-json\/wp\/v2\/comments?post=97"}],"version-history":[{"count":19,"href":"https:\/\/bruni.ch\/index.php\/wp-json\/wp\/v2\/pages\/97\/revisions"}],"predecessor-version":[{"id":156,"href":"https:\/\/bruni.ch\/index.php\/wp-json\/wp\/v2\/pages\/97\/revisions\/156"}],"wp:attachment":[{"href":"https:\/\/bruni.ch\/index.php\/wp-json\/wp\/v2\/media?parent=97"}],"curies":[{"name":"wp","href":"https:\/\/api.w.org\/{rel}","templated":true}]}}